{"version":"1.0","provider_name":"RadCaen","provider_url":"https:\/\/radcaen.fr","author_name":"RadCaen","author_url":"https:\/\/radcaen.fr\/index.php\/author\/mandarine\/","title":"Les pronoms : D\u00e9finition - RadCaen","type":"rich","width":600,"height":338,"html":"<blockquote class=\"wp-embedded-content\" data-secret=\"Hq2cYYEWB8\"><a href=\"https:\/\/radcaen.fr\/index.php\/2021\/11\/10\/les-pronoms-definition\/\">Les pronoms : D\u00e9finition<\/a><\/blockquote><iframe sandbox=\"allow-scripts\" security=\"restricted\" src=\"https:\/\/radcaen.fr\/index.php\/2021\/11\/10\/les-pronoms-definition\/embed\/#?secret=Hq2cYYEWB8\" width=\"600\" height=\"338\" title=\"\u00ab\u00a0Les pronoms : D\u00e9finition\u00a0\u00bb &#8212; RadCaen\" data-secret=\"Hq2cYYEWB8\" frameborder=\"0\" marginwidth=\"0\" marginheight=\"0\" scrolling=\"no\" class=\"wp-embedded-content\"><\/iframe><script>\n\/*! This file is auto-generated *\/\n!function(d,l){\"use strict\";l.querySelector&&d.addEventListener&&\"undefined\"!=typeof URL&&(d.wp=d.wp||{},d.wp.receiveEmbedMessage||(d.wp.receiveEmbedMessage=function(e){var t=e.data;if((t||t.secret||t.message||t.value)&&!\/[^a-zA-Z0-9]\/.test(t.secret)){for(var s,r,n,a=l.querySelectorAll('iframe[data-secret=\"'+t.secret+'\"]'),o=l.querySelectorAll('blockquote[data-secret=\"'+t.secret+'\"]'),c=new RegExp(\"^https?:$\",\"i\"),i=0;i<o.length;i++)o[i].style.display=\"none\";for(i=0;i<a.length;i++)s=a[i],e.source===s.contentWindow&&(s.removeAttribute(\"style\"),\"height\"===t.message?(1e3<(r=parseInt(t.value,10))?r=1e3:~~r<200&&(r=200),s.height=r):\"link\"===t.message&&(r=new URL(s.getAttribute(\"src\")),n=new URL(t.value),c.test(n.protocol))&&n.host===r.host&&l.activeElement===s&&(d.top.location.href=t.value))}},d.addEventListener(\"message\",d.wp.receiveEmbedMessage,!1),l.addEventListener(\"DOMContentLoaded\",function(){for(var e,t,s=l.querySelectorAll(\"iframe.wp-embedded-content\"),r=0;r<s.length;r++)(t=(e=s[r]).getAttribute(\"data-secret\"))||(t=Math.random().toString(36).substring(2,12),e.src+=\"#?secret=\"+t,e.setAttribute(\"data-secret\",t)),e.contentWindow.postMessage({message:\"ready\",secret:t},\"*\")},!1)))}(window,document);\n<\/script>\n","description":"Ce mercredi 20 octobre \u00e9tait la journ\u00e9e internationale des pronoms, qui se f\u00eate tous les troisi\u00e8me mercredi d&rsquo;octobre depuis 2018. Avec tous les articles sortis sur le sujet, je me devais de faire un article. Un article sur les pronoms est n\u00e9cessaire depuis maintenant plusieurs mois, mais la difficult\u00e9 de la t\u00e2che m&rsquo;oblige \u00e0 casser [&hellip;]"}